{"id":6143,"date":"2025-12-18T19:55:57","date_gmt":"2025-12-18T19:55:57","guid":{"rendered":"https:\/\/carnavalchatel.ch\/?page_id=6143"},"modified":"2026-02-08T13:26:32","modified_gmt":"2026-02-08T13:26:32","slug":"guggen","status":"publish","type":"page","link":"https:\/\/carnavalchatel.ch\/index.php\/guggen\/","title":{"rendered":"Guggens"},"content":{"rendered":"<div  data-label=\"Content\" data-id=\"content--3\" data-export-id=\"content-12\" data-category=\"content\" class=\"content-12 content-section content-section-spacing\" id=\"content-3\" style=\"background-color: rgb(245, 250, 253); background-image: none;\"><div  class=\"gridContainer\"> <div  class=\"row text-center\"><div  class=\"section-title-col\" data-type=\"column\"> <h2  class=\"\">Voici le programme des guggens \u00e0 travers notre ville<\/h2> <\/div> <\/div> <div  class=\"row center-xs middle-xs\"> <div  class=\"col-sm-9\" data-type=\"column\"> <\/div> <\/div><\/div> <\/div><div  data-label=\"Content\" data-id=\"content--1\" data-export-id=\"content-2\" data-category=\"content\" class=\"content-2 content-section content-section-spacing\" id=\"content-1\" style=\"background-color: rgb(245, 250, 253); background-image: none;\"><div > <div  class=\"row middle-xs\"><div  class=\"col-sm-5 bg-image shadow-large-black\" data-bg=\"image\" style=\"background-image: url(&quot;https:\/\/carnavalchatel.ch\/wp-content\/uploads\/2025\/05\/cropped-cropped-cropped-Logo_thermo-1.jpg&quot;);\"><\/div> <div  class=\"col-sm-7 full-col-left-padding full-col-right-padding\"> <div  class=\"row\"> <div  data-type=\"column\" class=\"space-bottom-small content-title-col\">  <h2  class=\"\"><font  dir=\"auto\" style=\"vertical-align: inherit;\"><font  dir=\"auto\" style=\"vertical-align: inherit;\">Les K\u2019S\u00d4S de Ch\u00e2tel-St-Denis<\/font><\/font><\/h2> <p  class=\"\"><\/p><\/div> <\/div> <div  class=\"row spaced-cols \" data-type=\"row\"> <div  class=\"col-xs-6\" data-type=\"column\"> <h5  class=\"\"><span  style=\"text-decoration: underline;\">Vendredi 13 f\u00e9vrier 2026<\/span><br >\r\n20h45 Sc\u00e8ne ext. Place d\u2019Armes<br >\r\n21h46 Sc\u00e8ne int. au Carnabar<\/h5> <\/div> <div  class=\"col-xs-6\" data-type=\"column\"><h5  class=\"\"><span  style=\"text-decoration: underline;\">Samedi 14 f\u00e9vrier 2026<\/span><br >\r\n11h00 Au Grain d\u2019Orge, Vel\u00e2dzo<br >\r\n14h45 K kiosk, ancienne gare<br >\r\n16h06 Cort\u00e8ge des enfants<br >\r\n17h00 Sc\u00e8ne ext. Place d\u2019Armes<br >\r\n18h00 G51 Lounge Bar<br >\r\n20h05 Cort\u00e8ge nocturne<br >\r\n20h30 Sc\u00e8ne ext. Place Institut<br >\r\n21h45 La Place Caf\u00e9 Restaurant<br >\r\n23h15 Restaurant XIII Cantons<br >\r\n01h00 Sc\u00e8ne int. au Carnabar<\/h5> <\/div> <div  class=\"col-xs-6\" data-type=\"column\"><h5  class=\"\"><span  style=\"text-decoration: underline;\">Dimanche 15 f\u00e9vrier 2026<\/span><br >\r\n11h30 Concours Place Institut<br >\r\n14h36 Grand cort\u00e8ge&nbsp;<br >\r\n18h45 Sc\u00e8ne int. au Carnabar<\/h5> <\/div> <div  class=\"col-xs-6\" data-type=\"column\"><h5  class=\"\"><\/h5> <\/div> <\/div><\/div> <\/div><\/div> <\/div><div  data-label=\"Content\" data-id=\"content--2\" data-export-id=\"content-3\" data-category=\"content\" class=\"content-3 content-section content-section-spacing\" id=\"content-2\" style=\"background-color: rgb(245, 250, 253);\"><div > <div  class=\"row middle-xs\"><div  class=\"col-sm-7 full-col-left-padding full-col-right-padding\"> <div  class=\"row\"><div  data-type=\"column\" class=\"space-bottom-small content-title-col\">  <h2  class=\"\">La Vicaclique de Vicques<\/h2> <p  class=\"\"><\/p><\/div> <\/div> <div  class=\"row spaced-cols\" data-type=\"row\"> <div  class=\"col-xs-6\" data-type=\"column\"> <h5  class=\"\"><span  style=\"text-decoration: underline;\">Samedi 14 f\u00e9vrier 2026<\/span><br >\r\n14h45 Sc\u00e8ne ext. Place d\u2019Armes<br >\r\n16h06 Cort\u00e8ge des enfants<br >\r\n17h00 K kiosk, ancienne gare<br >\r\n19h00 Caf\u00e9 Tivoli<br >\r\n20h06 Cort\u00e8ge nocturne&nbsp;<br >\r\n20h30 Italia Bar<br >\r\n21h30 Bar des Grobs<br >\r\n23h00 Le Cheval Blanc<br >\r\n00h15 Sc\u00e8ne int. au Carnabar\r\n<br ><br >\r\n<br ><span  style=\"text-decoration: underline;\">Dimanche 15 f\u00e9vrier 2026<\/span><br >\r\n10h30 Concours Place Institut<br >\r\n14h36 Grand cort\u00e8ge&nbsp;<br >\r\n16h45 Sc\u00e8ne int. au Carnabar<\/h5> <\/div>    <\/div><\/div> <div  class=\"col-sm-5 bg-image shadow-large-black revert-classes-holder\" data-bg=\"image\" style=\"background-image: url(&quot;https:\/\/carnavalchatel.ch\/wp-content\/uploads\/2025\/05\/cropped-cropped-cropped-Logo_thermo-1.jpg&quot;);\"><\/div><\/div> <\/div><\/div><div  data-label=\"Content\" data-id=\"content--4\" data-export-id=\"content-2\" data-category=\"content\" class=\"content-2 content-section content-section-spacing\" id=\"content-4\" style=\"background-color: rgb(245, 250, 253); background-image: none;\"><div > <div  class=\"row middle-xs\"><div  class=\"col-sm-5 bg-image shadow-large-black\" data-bg=\"image\" style=\"background-image: url(&quot;https:\/\/carnavalchatel.ch\/wp-content\/uploads\/2025\/05\/cropped-cropped-cropped-Logo_thermo-1.jpg&quot;);\"><\/div> <div  class=\"col-sm-7 full-col-left-padding full-col-right-padding\"> <div  class=\"row\"> <div  data-type=\"column\" class=\"space-bottom-small content-title-col\">  <h2  class=\"\">Les Kamikazes de Monthey<\/h2> <p  class=\"\"><\/p><\/div> <\/div> <div  class=\"row spaced-cols \" data-type=\"row\"> <div  class=\"col-xs-6\" data-type=\"column\"> <h5  class=\"\"><span  style=\"text-decoration: underline;\">Samedi 14 f\u00e9vrier 2026<\/span><br >\r\n10h56 Kiosque \u00e0 musique&nbsp;<br >\r\n14h45 Sc\u00e8ne ext. Place d\u2019Armes<br >\r\n16h06 Cort\u00e8ge des enfants<br >\r\n17h00 Le Cheval Blanc<br >\r\n20h06 Cort\u00e8ge nocturne&nbsp;<br >\r\n20h30 Sc\u00e8ne ext. Place Institut<br >\r\n21h30 G51 Lounge Bar<br >\r\n22h30 Le Ch\u00e2tel<\/h5> <\/div>    <\/div><\/div> <\/div><\/div> <\/div><div  data-label=\"Content\" data-id=\"content--8\" data-export-id=\"content-3\" data-category=\"content\" class=\"content-3 content-section content-section-spacing\" id=\"content-8\" style=\"background-color: rgb(245, 250, 253); background-image: none;\"><div > <div  class=\"row middle-xs\"><div  class=\"col-sm-7 full-col-left-padding full-col-right-padding\"> <div  class=\"row\"><div  data-type=\"column\" class=\"space-bottom-small content-title-col\">  <h2  class=\"\">Les Tuttli\u2019s de Le Pery<\/h2> <p  class=\"\"><\/p><\/div> <\/div> <div  class=\"row spaced-cols\" data-type=\"row\"> <div  class=\"col-xs-6\" data-type=\"column\"> <h5  class=\"\"><span  style=\"text-decoration: underline;\">Samedi 14 f\u00e9vrier 2026<\/span><br >\r\n14h30 Au Grain d\u2019Orge Vel\u00e2dzo&nbsp;<br >\r\n16h06 Cort\u00e8ge des enfants<br >\r\n16h45 La Vinotek<br >\r\n19h00 La Fabrick Bar<br >\r\n20h06 Cort\u00e8ge nocturne&nbsp;<br >\r\n20h30 Le Ch\u00e2tel<br >\r\n21h30 Sc\u00e8ne ext. Place Institut<br >\r\n22h30 Bar des Grobs<br >\r\n23h30 Sc\u00e8ne int. au Carnabar<\/h5> <\/div> <div  class=\"col-xs-6\" data-type=\"column\"><h5  class=\"\"><span  style=\"text-decoration: underline;\">Dimanche 15 f\u00e9vrier 2026<\/span><br >\r\n11h00 Concours Place Institut<br >\r\n14h36 Grand cort\u00e8ge&nbsp;<br >\r\n17h30 Sc\u00e8ne int. au Carnabar<\/h5> <\/div>   <\/div><\/div> <div  class=\"col-sm-5 bg-image shadow-large-black revert-classes-holder\" data-bg=\"image\" style=\"background-image: url(&quot;https:\/\/carnavalchatel.ch\/wp-content\/uploads\/2025\/05\/cropped-cropped-cropped-Logo_thermo-1.jpg&quot;);\"><\/div><\/div> <\/div><\/div><div  data-label=\"Content\" data-id=\"content--5\" data-export-id=\"content-2\" data-category=\"content\" class=\"content-2 content-section content-section-spacing\" id=\"content-5\" style=\"background-color: rgb(245, 250, 253);\"><div > <div  class=\"row middle-xs\"><div  class=\"col-sm-5 bg-image shadow-large-black\" data-bg=\"image\" style=\"background-image: url(&quot;https:\/\/carnavalchatel.ch\/wp-content\/uploads\/2025\/05\/cropped-cropped-cropped-Logo_thermo-1.jpg&quot;);\"><\/div> <div  class=\"col-sm-7 full-col-left-padding full-col-right-padding\"> <div  class=\"row\"> <div  data-type=\"column\" class=\"space-bottom-small content-title-col\">  <h2  class=\"\"><font  dir=\"auto\" style=\"vertical-align: inherit;\"><font  dir=\"auto\" style=\"vertical-align: inherit;\">Les Archichaux de \r\n<br >la Chaux-de-Fonds<\/font><\/font><\/h2> <p  class=\"\"><\/p><\/div> <\/div> <div  class=\"row spaced-cols \" data-type=\"row\"> <div  class=\"col-xs-6\" data-type=\"column\"> <h5  class=\"\"><span  style=\"text-decoration: underline;\">Samedi 14 f\u00e9vrier 2026<\/span><br >\r\n16h06 Cort\u00e8ge des enfants<br >\r\n17h00 La Fabrick Bar<br >\r\n19h15 Sc\u00e8ne ext. Place d\u2019Armes<br >\r\n20h06 Cort\u00e8ge nocturne&nbsp;<br >\r\n20h30 Sc\u00e8ne int. au Carnabar<br >\r\n21h30 Caf\u00e9 des Bains<br >\r\n22h30 G51 Lounge Bar<\/h5> <\/div> <div  class=\"col-xs-6\" data-type=\"column\"><h5  class=\"\"><span  style=\"text-decoration: underline;\">Dimanche 15 f\u00e9vrier 2026<\/span><br >\r\n10h45 Concours Place Institut<br >\r\n14h36 Grand cort\u00e8ge&nbsp;<br >\r\n17h05 Sc\u00e8ne int. au Carnabar<\/h5> <\/div>   <\/div><\/div> <\/div><\/div> <\/div><div  data-label=\"Content\" data-id=\"content--7\" data-export-id=\"content-3\" data-category=\"content\" class=\"content-3 content-section content-section-spacing\" id=\"content-7\" style=\"background-color: rgb(245, 250, 253);\"><div > <div  class=\"row middle-xs\"><div  class=\"col-sm-7 full-col-left-padding full-col-right-padding\"> <div  class=\"row\"><div  data-type=\"column\" class=\"space-bottom-small content-title-col\">  <h2  class=\"\"><font  dir=\"auto\" style=\"vertical-align: inherit;\"><font  dir=\"auto\" style=\"vertical-align: inherit;\">B\u00e4regrabeschr\u00e4nze de Berne<\/font><\/font><\/h2> <p  class=\"\"><\/p><\/div> <\/div> <div  class=\"row spaced-cols\" data-type=\"row\"> <div  class=\"col-xs-6\" data-type=\"column\"> <h5  class=\"\"><span  style=\"text-decoration: underline;\">Samedi 14 f\u00e9vrier 2026<\/span><br >\r\n14h45 Sc\u00e8ne ext. Place Insitut<br >\r\n16h06 Cort\u00e8ge des enfants<br >\r\n17h00 Caf\u00e9 des Bains<br >\r\n20h06 Cort\u00e8ge nocturne&nbsp;<br >\r\n20h30 Le Cheval Blanc<br >\r\n21h30 Sc\u00e8ne int. au Carnabar<br >\r\n22h30 Le Cercle d\u2019Agriculture<\/h5> <\/div> <div  class=\"col-xs-6\" data-type=\"column\"><h5  class=\"\"><span  style=\"text-decoration: underline;\">Dimanche 15 f\u00e9vrier 2026<\/span><br >\r\n11h15 Concours Place Institut<br >\r\n14h36 Grand cort\u00e8ge&nbsp;<br >\r\n17h45 Sc\u00e8ne int. au Carnabar<\/h5> <\/div>   <\/div><\/div> <div  class=\"col-sm-5 bg-image shadow-large-black revert-classes-holder\" data-bg=\"image\" style=\"background-image: url(&quot;https:\/\/carnavalchatel.ch\/wp-content\/uploads\/2025\/05\/cropped-cropped-cropped-Logo_thermo-1.jpg&quot;);\"><\/div><\/div> <\/div><\/div><div  data-label=\"Content\" data-id=\"content--6\" data-export-id=\"content-2\" data-category=\"content\" class=\"content-2 content-section content-section-spacing\" id=\"content-6\" style=\"background-color: rgb(255, 255, 255);\"><div > <div  class=\"row middle-xs\"><div  class=\"col-sm-5 bg-image shadow-large-black\" data-bg=\"image\" style=\"background-image: url(&quot;https:\/\/carnavalchatel.ch\/wp-content\/uploads\/2025\/05\/cropped-cropped-cropped-Logo_thermo-1.jpg&quot;);\"><\/div> <div  class=\"col-sm-7 full-col-left-padding full-col-right-padding\"> <div  class=\"row\"> <div  data-type=\"column\" class=\"space-bottom-small content-title-col\">  <h2  class=\"\">Les Tricounis de Belfaux<\/h2> <p  class=\"\"><\/p><\/div> <\/div> <div  class=\"row spaced-cols \" data-type=\"row\"> <div  class=\"col-xs-6\" data-type=\"column\"> <h5  class=\"\"><span  style=\"text-decoration: underline;\">Dimanche 15 f\u00e9vrier 2026<\/span><br >\r\n10h15 Concours Place Institut<br >\r\n14h36 Grand cort\u00e8ge&nbsp;<br >\r\n18h00 Sc\u00e8ne int. au Carnabar<\/h5> <\/div>    <\/div><\/div> <\/div><\/div> <\/div>","protected":false},"excerpt":{"rendered":"<p>Voici le programme des guggens \u00e0 travers notre ville Les K\u2019S\u00d4S de Ch\u00e2tel-St-Denis Vendredi 13 f\u00e9vrier 2026 20h45 Sc\u00e8ne ext. Place d\u2019Armes 21h46 Sc\u00e8ne int. au Carnabar Samedi 14 f\u00e9vrier 2026 11h00 Au Grain d\u2019Orge, Vel\u00e2dzo 14h45 K kiosk, ancienne gare 16h06 Cort\u00e8ge des enfants 17h00 Sc\u00e8ne ext. Place d\u2019Armes 18h00 G51 Lounge Bar 20h05&hellip; <br \/> <a class=\"read-more\" href=\"https:\/\/carnavalchatel.ch\/index.php\/guggen\/\">Read more<\/a><\/p>\n","protected":false},"author":1,"featured_media":0,"parent":0,"menu_order":0,"comment_status":"closed","ping_status":"closed","template":"page-templates\/homepage.php","meta":{"footnotes":""},"class_list":["post-6143","page","type-page","status-publish","hentry"],"_links":{"self":[{"href":"https:\/\/carnavalchatel.ch\/index.php\/wp-json\/wp\/v2\/pages\/6143","targetHints":{"allow":["GET"]}}],"collection":[{"href":"https:\/\/carnavalchatel.ch\/index.php\/wp-json\/wp\/v2\/pages"}],"about":[{"href":"https:\/\/carnavalchatel.ch\/index.php\/wp-json\/wp\/v2\/types\/page"}],"author":[{"embeddable":true,"href":"https:\/\/carnavalchatel.ch\/index.php\/wp-json\/wp\/v2\/users\/1"}],"replies":[{"embeddable":true,"href":"https:\/\/carnavalchatel.ch\/index.php\/wp-json\/wp\/v2\/comments?post=6143"}],"version-history":[{"count":7,"href":"https:\/\/carnavalchatel.ch\/index.php\/wp-json\/wp\/v2\/pages\/6143\/revisions"}],"predecessor-version":[{"id":6160,"href":"https:\/\/carnavalchatel.ch\/index.php\/wp-json\/wp\/v2\/pages\/6143\/revisions\/6160"}],"wp:attachment":[{"href":"https:\/\/carnavalchatel.ch\/index.php\/wp-json\/wp\/v2\/media?parent=6143"}],"curies":[{"name":"wp","href":"https:\/\/api.w.org\/{rel}","templated":true}]}}