{"id":280,"date":"2020-04-27T11:06:46","date_gmt":"2020-04-27T11:06:46","guid":{"rendered":"https:\/\/2021.carnavalchatel.ch\/?page_id=280"},"modified":"2025-12-18T19:53:35","modified_gmt":"2025-12-18T19:53:35","slug":"fievre","status":"publish","type":"page","link":"https:\/\/carnavalchatel.ch\/index.php\/fievre\/","title":{"rendered":"Fi\u00e8vre"},"content":{"rendered":"<div  data-label=\"Content\" data-id=\"content--2\" data-export-id=\"content-6-2\" data-category=\"content\" class=\"content-6-2 content-section content-section-spacing\" id=\"content-2\" style=\"background-color: rgb(245, 250, 253);\"><div  class=\"gridContainer\">  <div  class=\"row middle-sm\"> <div  class=\"col-sm-6 flexbox around-xs top-xs\"> <div  class=\"overlay-box flexbox middle-xs center-xs overlay-holder\"> <div  class=\"overlay-box-offset offset-border shadow-medium border-color2\"><\/div> <img  decoding=\"async\" class=\"flexbox shadow-large img1\" data-size=\"485x632\" src=\"https:\/\/carnavalchatel.ch\/wp-content\/uploads\/2020\/04\/cropped-Fievre_2-2.png\" alt=\"\" title=\"cropped-Fievre_2-2.png\"><\/div> <\/div> <div  class=\"col-sm-6 space-top-xs\"> <div  class=\"row\"> <div  class=\"col-xs-12 space-bottom\" data-type=\"column\"> <h3  class=\"color2\">La Fi\u00e8vre<\/h3> <p  class=\"\">La Fi\u00e8vre, c\u2019est le journal satirique du Carnaval de Ch\u00e2tel-St-Denis. C\u2019est gr\u00e2ce aux gaffes des habitants de la r\u00e9gion, aux actualit\u00e9s r\u00e9gionales, suisses ou internationales, aux faits \u00e9conomiques, politiques et people, que la Fi\u00e8vre vit, se nourrit, se d\u00e9cha\u00eene, se d\u00e9lecte pour le plaisir des lectrices et lecteurs impatients.<\/p><\/div> <div  data-type=\"row\" class=\"col-xs-12\"> <div  class=\"row space-bottom force-align\"> <div  class=\"col-xs-12 col-sm-fit text-center\" data-preview-empty=\"1\"> <\/div> <div  class=\"col-xs-12 col-sm\" data-type=\"column\"> <p  class=\"\">Une \u00e9quipe de 5 r\u00e9dacteurs h\u00e9t\u00e9roclites, men\u00e9e \u2018thermom\u00e8tre\u2019 battant par un r\u00e9dacteur en chef qui n\u2019a ni tabou, ni censure.<br >\nLeur slogan : \u00ab rire et faire rire \u00bb<br >\nLeur objectif : \u00ab faire monter la fi\u00e8vre, avant et pendant le Carnaval \u00bb<\/p><\/div> <\/div> <div  class=\"row space-bottom force-align\"> <div  class=\"col-xs-12 col-sm-fit text-center\" data-preview-empty=\"1\"> <\/div> <div  class=\"col-xs-12 col-sm\" data-type=\"column\"> <p  class=\"\">Mais sans vous, le journal la Fi\u00e8vre ne pourrait pas exister.<br >\nAinsi, si vous avez connaissance d\u2019histoires dr\u00f4les sur les gaffes et b\u00eatises de vos amis, de votre famille, de vos voisins, si vous poss\u00e9dez des photos sympathiques et loufoques, ou si vous souhaitez rejoindre la joyeuse \u00e9quipe de r\u00e9daction :<\/p><\/div> <\/div><div  class=\"row space-bottom force-align\"> <div  class=\"col-xs-12 col-sm-fit text-center\" data-preview-empty=\"1\"> <\/div> <div  class=\"col-xs-12 col-sm\" data-type=\"column\"> <p  class=\"\">Ecrivez par email \u00e0 : fievre@carnavalchatel.ch<br >\nou \u00e0 l\u2019adresse postale :<br >\nCarnaval de Ch\u00e2tel \u00ab la Fi\u00e8vre \u00bb<br >\nCase postale 339<br >\n1618 Ch\u00e2tel-St-Denis<\/p><\/div> <\/div><\/div> <\/div><\/div> <\/div><\/div> <\/div><div  data-label=\"Clients\" data-id=\"clients--1\" data-export-id=\"clients-4\" data-category=\"clients\" class=\"clients-4 content-section content-section-spacing-small\" id=\"clients-1\" style=\"background-color: rgb(245, 250, 253); background-image: none;\"><div  class=\"gridContainer\"> <div  class=\"row\"><div  data-type=\"column\" class=\"section-title-col\"> <h2  class=\"font-700\">Nos partenaires<\/h2> <\/div> <\/div> <div  data-type=\"row\" class=\"row spaced-cols middle-xs center-xs space-bottom padding-lr\"> <div  class=\"col-xs-6 col-sm-2\"> <img  decoding=\"async\" src=\"https:\/\/carnavalchatel.ch\/wp-content\/uploads\/2024\/11\/cropped-logo-radiofr-fri-fre-2018-rvb_1920x884.png\" class=\"\" title=\"cropped-logo-radiofr-fri-fre-2018-rvb_1920x884.png\" alt=\"\"><\/div> <div  class=\"col-xs-6 col-sm-2\"> <img  decoding=\"async\" src=\"https:\/\/carnavalchatel.ch\/wp-content\/uploads\/2020\/04\/MESA.png\" class=\"\" title=\"MESA\" alt=\"\"><\/div> <div  class=\"col-xs-6 col-sm-2\"> <img  decoding=\"async\" src=\"https:\/\/carnavalchatel.ch\/wp-content\/uploads\/2020\/04\/Amstein.png\" class=\"\" title=\"Amstein\" alt=\"\"><\/div> <div  class=\"col-xs-6 col-sm-2\"> <img  decoding=\"async\" src=\"https:\/\/carnavalchatel.ch\/wp-content\/uploads\/2025\/12\/200x100-BACHE-Perroud-Charpentes-2026_1-scaled.png\" class=\"\" title=\"200x100 BACHE Perroud Charpentes 2026_1\" alt=\"\"><\/div> <div  class=\"col-xs-6 col-sm-2\"> <img  decoding=\"async\" src=\"https:\/\/carnavalchatel.ch\/wp-content\/uploads\/2020\/04\/VilleCSD.png\" class=\"\" title=\"VilleCSD\" alt=\"\"><\/div> <div  class=\"col-xs-6 col-sm-2\"> <img  decoding=\"async\" src=\"https:\/\/carnavalchatel.ch\/wp-content\/uploads\/2020\/04\/Protect-service-color-300x169-1.png\" class=\"\" title=\"Protect-service-color-300x169\" alt=\"\"><\/div> <div  class=\"col-xs-6 col-sm-2\"> <img  decoding=\"async\" src=\"https:\/\/carnavalchatel.ch\/wp-content\/uploads\/2020\/04\/Emonet_400_150_fond.png\" class=\"\" title=\"Emonet_400_150_fond\" alt=\"\"><\/div><div  class=\"col-xs-6 col-sm-2\"> <img  decoding=\"async\" src=\"https:\/\/carnavalchatel.ch\/wp-content\/uploads\/2025\/11\/Embleme-2.png\" class=\"\" title=\"Embl\u00e8me (2)\" alt=\"\"><\/div><div  class=\"col-xs-6 col-sm-2\"> <img  decoding=\"async\" src=\"https:\/\/carnavalchatel.ch\/wp-content\/uploads\/2025\/12\/LogoSmartEvent_1.png\" class=\"\" title=\"LogoSmartEvent_1\" alt=\"\"><\/div><\/div><\/div> <\/div>","protected":false},"excerpt":{"rendered":"<p>La Fi\u00e8vre La Fi\u00e8vre, c\u2019est le journal satirique du Carnaval de Ch\u00e2tel-St-Denis. C\u2019est gr\u00e2ce aux gaffes des habitants de la r\u00e9gion, aux actualit\u00e9s r\u00e9gionales, suisses ou internationales, aux faits \u00e9conomiques, politiques et people, que la Fi\u00e8vre vit, se nourrit, se d\u00e9cha\u00eene, se d\u00e9lecte pour le plaisir des lectrices et lecteurs impatients. Une \u00e9quipe de 5&hellip; <br \/> <a class=\"read-more\" href=\"https:\/\/carnavalchatel.ch\/index.php\/fievre\/\">Read more<\/a><\/p>\n","protected":false},"author":1,"featured_media":0,"parent":0,"menu_order":0,"comment_status":"closed","ping_status":"closed","template":"page-templates\/homepage.php","meta":{"footnotes":""},"class_list":["post-280","page","type-page","status-publish","hentry"],"_links":{"self":[{"href":"https:\/\/carnavalchatel.ch\/index.php\/wp-json\/wp\/v2\/pages\/280","targetHints":{"allow":["GET"]}}],"collection":[{"href":"https:\/\/carnavalchatel.ch\/index.php\/wp-json\/wp\/v2\/pages"}],"about":[{"href":"https:\/\/carnavalchatel.ch\/index.php\/wp-json\/wp\/v2\/types\/page"}],"author":[{"embeddable":true,"href":"https:\/\/carnavalchatel.ch\/index.php\/wp-json\/wp\/v2\/users\/1"}],"replies":[{"embeddable":true,"href":"https:\/\/carnavalchatel.ch\/index.php\/wp-json\/wp\/v2\/comments?post=280"}],"version-history":[{"count":14,"href":"https:\/\/carnavalchatel.ch\/index.php\/wp-json\/wp\/v2\/pages\/280\/revisions"}],"predecessor-version":[{"id":6136,"href":"https:\/\/carnavalchatel.ch\/index.php\/wp-json\/wp\/v2\/pages\/280\/revisions\/6136"}],"wp:attachment":[{"href":"https:\/\/carnavalchatel.ch\/index.php\/wp-json\/wp\/v2\/media?parent=280"}],"curies":[{"name":"wp","href":"https:\/\/api.w.org\/{rel}","templated":true}]}}