{"id":158,"date":"2020-04-25T16:00:56","date_gmt":"2020-04-25T16:00:56","guid":{"rendered":"https:\/\/2021.carnavalchatel.ch\/?page_id=158"},"modified":"2026-08-30T16:06:33","modified_gmt":"2026-08-30T16:06:33","slug":"accueil-2","status":"publish","type":"page","link":"https:\/\/carnavalchatel.ch\/","title":{"rendered":"Accueil"},"content":{"rendered":"<div  id=\"initial-content-section\" class=\"content-section content-section-spacing\" style=\"background-color: rgb(255, 255, 255); background-size: cover; background-position: center top; background-image: none;\" data-label=\"Clients\" data-id=\"clients--1\" data-export-id=\"clients-4\" data-category=\"clients\">\n<div  class=\"gridContainer\">\n<div  class=\"row\">\n<div  class=\"col-xs-12 col-sm-12\">\n<h2  class=\"has-text-align-center\">Bienvenue sur le site du Carnaval de Ch\u00e2tel-St-Denis<\/h2>\n<p  class=\"has-text-align-center\" style=\"text-align: center;\">Notre prochaine \u00e9dition se d\u00e9roulera du 4 au 7 f\u00e9vrier 2027<a  data-mce-href=\"wp-content\/uploads\/2026\/02\/Rbt-carte-site-2026.pdf\" href=\"wp-content\/uploads\/2026\/02\/Rbt-carte-site-2026.pdf\" target=\"_self\" data-mce-selected=\"inline-boundary\" data-cp-link=\"1\" class=\"\"><\/a><\/p>\n<p  style=\"text-align: center;\"><\/p>\n\n<div  class=\"wp-block-image\"><\/div>\n<\/div>\n<\/div>\n<\/div>\n<\/div><div  data-label=\"Clients\" data-id=\"clients--2\" data-export-id=\"clients-4\" data-category=\"clients\" class=\"clients-4 content-section content-section-spacing-small\" id=\"clients-1\" style=\"background-color: rgb(255, 255, 255); background-image: none;\"><div  class=\"gridContainer\"> <div  class=\"row\"><div  data-type=\"column\" class=\"section-title-col\"> <h2  class=\"font-700\">Nos partenaires<\/h2> <\/div> <\/div> <div  data-type=\"row\" class=\"row spaced-cols middle-xs center-xs space-bottom padding-lr\"> <div  class=\"col-xs-6 col-sm-2 col-md-2\"> <img  decoding=\"async\" src=\"https:\/\/carnavalchatel.ch\/wp-content\/uploads\/2024\/11\/cropped-logo-radiofr-fri-fre-2018-rvb_1920x884.png\" class=\"\" title=\"cropped-logo-radiofr-fri-fre-2018-rvb_1920x884.png\" alt=\"\"><\/div> <div  class=\"col-xs-6 col-sm-2 col-md-2\"> <img  decoding=\"async\" src=\"https:\/\/carnavalchatel.ch\/wp-content\/uploads\/2020\/04\/MESA.png\" class=\"\" title=\"MESA\" alt=\"\"><\/div> <div  class=\"col-xs-6 col-sm-2 col-md-2\"> <img  decoding=\"async\" src=\"https:\/\/carnavalchatel.ch\/wp-content\/uploads\/2020\/04\/Amstein.png\" class=\"\" title=\"Amstein\" alt=\"\"><\/div> <div  class=\"col-xs-6 col-sm-2 col-md-2\"> <img  decoding=\"async\" src=\"https:\/\/carnavalchatel.ch\/wp-content\/uploads\/2025\/12\/200x100-BACHE-Perroud-Charpentes-2026_1-scaled.png\" class=\"\" title=\"200x100 BACHE Perroud Charpentes 2026_1\" alt=\"\"><\/div> <div  class=\"col-xs-6 col-sm-2 col-md-2\"> <img  decoding=\"async\" src=\"https:\/\/carnavalchatel.ch\/wp-content\/uploads\/2020\/04\/VilleCSD.png\" class=\"\" title=\"VilleCSD\" alt=\"\"><\/div> <div  class=\"col-xs-6 col-sm-2 col-md-2\"> <img  decoding=\"async\" src=\"https:\/\/carnavalchatel.ch\/wp-content\/uploads\/2020\/04\/Protect-service-color-300x169-1.png\" class=\"\" title=\"Protect-service-color-300x169\" alt=\"\"><\/div> <div  class=\"col-xs-6 col-sm-2 col-md-2\"> <img  decoding=\"async\" src=\"https:\/\/carnavalchatel.ch\/wp-content\/uploads\/2020\/04\/Emonet_400_150_fond.png\" class=\"\" title=\"Emonet_400_150_fond\" alt=\"\"><\/div><div  class=\"col-xs-6 col-sm-2 col-md-2\"> <img  decoding=\"async\" src=\"https:\/\/carnavalchatel.ch\/wp-content\/uploads\/2025\/11\/Embleme-2.png\" class=\"\" title=\"Embl\u00e8me (2)\" alt=\"\"><\/div><div  class=\"col-xs-6 col-sm-2 col-md-2\"> <img  decoding=\"async\" src=\"https:\/\/carnavalchatel.ch\/wp-content\/uploads\/2025\/12\/LogoSmartEvent_1.png\" class=\"\" title=\"LogoSmartEvent_1\" alt=\"\"><\/div><\/div><\/div> <\/div><div  class=\"gridContainer\">\n<div  class=\"row\">\n<div  class=\"section-title-col\" data-type=\"column\">\n\n<\/div>\n<\/div>\n<div  class=\"row spaced-cols middle-xs center-xs space-bottom padding-lr\" data-type=\"row\">\n<div  class=\"col-xs-6 col-sm-2 col-md-1\"><\/div>\n\n\n\n\n\n\n\n<\/div>\n<\/div>","protected":false},"excerpt":{"rendered":"<p>Bienvenue sur le site du Carnaval de Ch\u00e2tel-St-Denis Notre prochaine \u00e9dition se d\u00e9roulera du 4 au 7 f\u00e9vrier 2027 Nos partenaires<\/p>\n","protected":false},"author":1,"featured_media":0,"parent":0,"menu_order":0,"comment_status":"closed","ping_status":"closed","template":"pro\/page-templates\/full-width-page.php","meta":{"footnotes":""},"class_list":["post-158","page","type-page","status-publish","hentry"],"_links":{"self":[{"href":"https:\/\/carnavalchatel.ch\/index.php\/wp-json\/wp\/v2\/pages\/158","targetHints":{"allow":["GET"]}}],"collection":[{"href":"https:\/\/carnavalchatel.ch\/index.php\/wp-json\/wp\/v2\/pages"}],"about":[{"href":"https:\/\/carnavalchatel.ch\/index.php\/wp-json\/wp\/v2\/types\/page"}],"author":[{"embeddable":true,"href":"https:\/\/carnavalchatel.ch\/index.php\/wp-json\/wp\/v2\/users\/1"}],"replies":[{"embeddable":true,"href":"https:\/\/carnavalchatel.ch\/index.php\/wp-json\/wp\/v2\/comments?post=158"}],"version-history":[{"count":49,"href":"https:\/\/carnavalchatel.ch\/index.php\/wp-json\/wp\/v2\/pages\/158\/revisions"}],"predecessor-version":[{"id":7905,"href":"https:\/\/carnavalchatel.ch\/index.php\/wp-json\/wp\/v2\/pages\/158\/revisions\/7905"}],"wp:attachment":[{"href":"https:\/\/carnavalchatel.ch\/index.php\/wp-json\/wp\/v2\/media?parent=158"}],"curies":[{"name":"wp","href":"https:\/\/api.w.org\/{rel}","templated":true}]}}