{"id":128,"date":"2020-04-24T18:22:17","date_gmt":"2020-04-24T18:22:17","guid":{"rendered":"https:\/\/2021.carnavalchatel.ch\/?page_id=128"},"modified":"2020-10-19T17:09:46","modified_gmt":"2020-10-19T17:09:46","slug":"prevention","status":"publish","type":"page","link":"https:\/\/carnavalchatel.ch\/index.php\/prevention\/","title":{"rendered":"Pr\u00e9vention"},"content":{"rendered":"<div  data-id=\"initial-content-section\" data-export-id=\"initial-content-section\" data-label=\"Initial Content\" id=\"initial-content-section\" class=\"content-section content-section-spacing\">\r\n   <div  class=\"gridContainer\">\r\n     <div  class=\"row\">\r\n\r\n        <div  class=\"col-xs-12 col-sm-12\">                <p ><\/p>\r\n<h2 >AdO \u2013 Preventeam<\/h2>\r\n<p ><\/p>\r\n<p ><\/p>\r\n<p ><strong >Preventeam consiste \u00e0&nbsp;:<\/strong><\/p>\r\n<p ><\/p>\r\n<p ><\/p>\r\n<ul >\r\n<li >Veiller au bien-\u00eatre des personnes sur les lieux de manifestation; inviter \u00e0 faire une pause, \u00e0 s\u2019hydrater, \u00e0 r\u00e9fl\u00e9chir au retour \u00e0 domicile en s\u00e9curit\u00e9 \u2026<\/li>\r\n<li >Porter assistance aux personnes en difficult\u00e9 sur les plans physique et psychique; \u00e9couter,<\/li>\r\n<li >Accompagner et r\u00e9orienter vers les services et institutions partenaires<\/li>\r\n<li >Pr\u00e9venir et r\u00e9duire toutes les situations \u00e0 risque notamment li\u00e9es \u00e0 la consommation de substances ou au contexte du milieu festif {alcool, drogues, effets de groupe, sexualit\u00e9, etc.); pr\u00e9venir les conflits, diminuer les risques pour la sant\u00e9 \u2026<\/li>\r\n<\/ul>\r\n<p ><\/p>\r\n<p ><\/p>\r\n<p ><strong > Intervention de Preventeam&nbsp;: <\/strong><\/p>\r\n<p ><\/p>\r\n<p ><\/p>\r\n<ul >\r\n<li >Notre action s\u2019int\u00e8gre au dispositif s\u00e9curitaire, sanitaire et pr\u00e9ventif de la manifestation.<\/li>\r\n<li >Nos \u00e9quipes de pairs assurent une pr\u00e9sence visible et patrouillent sur le lieu de f\u00eate entre 22h et 03h-04h.<\/li>\r\n<li >Notre espace d\u2019accueil propose une \u00e9coute et un soutien.<\/li>\r\n<li >Nous veillons \u00e0 promouvoir toutes les actions int\u00e9\u00adgr\u00e9es \u00e0 l\u2019organisation de la manifestation (bus navette, camping, institutions partenaires, etc.) et \u00e0 orienter ou accompagner les jeunes vers les services de s\u00e9curit\u00e9 et\/ ou sanitaire.<\/li>\r\n<li >Un responsable d\u2019\u00e9quipe coordonne nos interventions avec les partenaires de terrain pendant la manifestation.<\/li>\r\n<\/ul>\r\n<p ><\/p>\r\n<p ><\/p>\r\n<h2 >SmartEvent<\/h2>\r\n<p ><\/p>\r\n<p ><\/p>\r\n<p >Le Carnaval de Ch\u00e2tel-St-Denis est labellis\u00e9 \u00ab&nbsp;SmartEvent&nbsp;\u00bb depuis 2019<\/p>\r\n<p ><\/p>\r\n<p ><\/p>\r\n<div  class=\"wp-block-image\">\r\n<figure  class=\"aligncenter size-medium\"><img decoding=\"async\"  src=\"https:\/\/www.carnavalchatel.ch\/wp-content\/uploads\/2020\/03\/LABEL-SE-2020-RVB-300x300.png\" alt=\"\" class=\"wp-image-7833\"><\/figure>\r\n<\/div>\r\n<p ><\/p>\r\n<p ><\/p>\r\n<p ><strong >Pr\u00e9vention <\/strong>:<\/p>\r\n<p ><\/p>\r\n<p ><\/p>\r\n<p >Le comit\u00e9 d\u2019organisation s\u2019engage \u00e0 respecter diff\u00e9rentes mesures de pr\u00e9vention de son choix pour obtenir la labellisation de sa f\u00eate. La formation du personnel de bar, la distribution de bracelets indiquant les \u00e2ges des consommateurs-trices, la mise \u00e0 disposition d\u2019eau gratuite ou encore des mani\u00e8res de rendre plus attractives les boissons sans alcool sont autant d\u2019exemples de mesures pr\u00e9ventives que propose Smart Event. En marge de cela, toute une s\u00e9rie de conseils pratiques sont prodigu\u00e9s au comit\u00e9 d\u2019organisation. <\/p>\r\n<p ><\/p>\r\n<p ><\/p>\r\n<p ><strong >S\u00e9curit\u00e9 :<\/strong><\/p>\r\n<p ><\/p>\r\n<p ><\/p>\r\n<p > Le Label permet \u00e9galement d\u2019optimiser l\u2019aspect s\u00e9curitaire dans une manifestation en agissant sur divers points de l\u2019infrastructure de la place de f\u00eate comme par exemple l\u2019\u00e9clairage et la signal\u00e9tique. Il invite \u00e9galement \u00e0 une r\u00e9flexion autour des solutions de retour s\u00e9curis\u00e9 du public et des aspects sanitaires. <\/p>\r\n<p ><\/p>\r\n\r\n          <\/div>\r\n      <\/div>\r\n  <\/div>\r\n<\/div><div data-label=\"Clients\" data-id=\"clients--1\" data-export-id=\"clients-4\" data-category=\"clients\" class=\"clients-4 content-section content-section-spacing-small\" id=\"clients-1\"  style=\"background-color: rgb(245, 250, 253);\"><div class=\"gridContainer\" > <div class=\"row\" ><div data-type=\"column\" class=\"section-title-col\" > <h2 class=\"font-700\" >Nos partenaires<\/h2> <\/div> <\/div> <div data-type=\"row\" class=\"row spaced-cols middle-xs center-xs space-bottom padding-lr\" > <div class=\"col-xs-6 col-sm-2 col-md-1\" > <a data-cp-link=\"1\" href=\"https:\/\/www.lfm.ch\" class=\"\" target=\"_blank\" rel=\"noopener noreferrer\"><img decoding=\"async\" src=\"https:\/\/carnavalchatel.ch\/wp-content\/uploads\/2020\/04\/LFM.png\" class=\"\"  alt=\"\" title=\"LFM\"><\/a><\/div> <div class=\"col-xs-6 col-sm-2 col-md-1\" > <a data-cp-link=\"1\" href=\"https:\/\/www.chatel-st-denis.ch\" class=\"\" target=\"_blank\" rel=\"noopener noreferrer\"><img decoding=\"async\" src=\"https:\/\/carnavalchatel.ch\/wp-content\/uploads\/2020\/04\/VilleCSD.png\" class=\"\"  alt=\"\" title=\"VilleCSD\"><\/a><\/div> <div class=\"col-xs-6 col-sm-2 col-md-1\" > <a data-cp-link=\"1\" href=\"https:\/\/www.vaudoise.ch\/fr\" class=\"\" target=\"_self\" rel=\"noopener noreferrer\"><img decoding=\"async\" src=\"https:\/\/carnavalchatel.ch\/wp-content\/uploads\/2020\/04\/Logo-Vaudoise-85x55_dec_2018.png\" class=\"\"  alt=\"\" title=\"Logo Vaudoise 85x55_dec_2018\"><\/a><\/div> <div class=\"col-xs-6 col-sm-2 col-md-1\" > <a data-cp-link=\"1\" href=\"https:\/\/www.mesa.ch\" class=\"\" target=\"_blank\" rel=\"noopener noreferrer\"><img decoding=\"async\" src=\"https:\/\/carnavalchatel.ch\/wp-content\/uploads\/2020\/04\/MESA.png\" class=\"\"  alt=\"\" title=\"MESA\"><\/a><\/div> <div class=\"col-xs-6 col-sm-2 col-md-1\" > <a data-cp-link=\"1\" href=\"https:\/\/www.amstein.ch\" class=\"\" target=\"_blank\" rel=\"noopener noreferrer\"><img decoding=\"async\" src=\"https:\/\/carnavalchatel.ch\/wp-content\/uploads\/2020\/04\/Amstein.png\" class=\"\"  alt=\"\" title=\"Amstein\"><\/a><\/div> <div class=\"col-xs-6 col-sm-2 col-md-1\" > <a data-cp-link=\"1\" href=\"https:\/\/www.r-emonet.ch\" class=\"\" target=\"_blank\" rel=\"noopener noreferrer\"><img decoding=\"async\" src=\"https:\/\/carnavalchatel.ch\/wp-content\/uploads\/2020\/04\/Emonet_400_150_fond.png\" class=\"\"  alt=\"\" title=\"Emonet_400_150_fond\"><\/a><\/div> <div class=\"col-xs-6 col-sm-2 col-md-1\" > <a data-cp-link=\"1\" href=\"https:\/\/www.protectservice.ch\" class=\"\" target=\"_blank\" rel=\"noopener noreferrer\"><img decoding=\"async\" src=\"https:\/\/carnavalchatel.ch\/wp-content\/uploads\/2020\/04\/Protect-service-color-300x169-1.png\" class=\"\"  alt=\"\" title=\"Protect-service-color-300x169\"><\/a><\/div><div class=\"col-xs-6 col-sm-2 col-md-1\" > <a data-cp-link=\"1\" href=\"https:\/\/www.fpcharpente.ch\" class=\"\" target=\"_blank\" rel=\"noopener noreferrer\"><img decoding=\"async\" src=\"https:\/\/carnavalchatel.ch\/wp-content\/uploads\/2020\/04\/charpente_perroud.png\" class=\"\"  alt=\"\" title=\"charpente_perroud\"><\/a><\/div><\/div><\/div> <\/div>","protected":false},"excerpt":{"rendered":"<p>AdO \u2013 Preventeam Preventeam consiste \u00e0&nbsp;: Veiller au bien-\u00eatre des personnes sur les lieux de manifestation; inviter \u00e0 faire une pause, \u00e0 s\u2019hydrater, \u00e0 r\u00e9fl\u00e9chir au retour \u00e0 domicile en s\u00e9curit\u00e9 \u2026 Porter assistance aux personnes en difficult\u00e9 sur les plans physique et psychique; \u00e9couter, Accompagner et r\u00e9orienter vers les services et institutions partenaires Pr\u00e9venir&hellip; <br \/> <a class=\"read-more\" href=\"https:\/\/carnavalchatel.ch\/index.php\/prevention\/\">Read more<\/a><\/p>\n","protected":false},"author":1,"featured_media":0,"parent":0,"menu_order":0,"comment_status":"closed","ping_status":"closed","template":"page-templates\/homepage.php","meta":{"footnotes":""},"class_list":["post-128","page","type-page","status-publish","hentry"],"_links":{"self":[{"href":"https:\/\/carnavalchatel.ch\/index.php\/wp-json\/wp\/v2\/pages\/128","targetHints":{"allow":["GET"]}}],"collection":[{"href":"https:\/\/carnavalchatel.ch\/index.php\/wp-json\/wp\/v2\/pages"}],"about":[{"href":"https:\/\/carnavalchatel.ch\/index.php\/wp-json\/wp\/v2\/types\/page"}],"author":[{"embeddable":true,"href":"https:\/\/carnavalchatel.ch\/index.php\/wp-json\/wp\/v2\/users\/1"}],"replies":[{"embeddable":true,"href":"https:\/\/carnavalchatel.ch\/index.php\/wp-json\/wp\/v2\/comments?post=128"}],"version-history":[{"count":4,"href":"https:\/\/carnavalchatel.ch\/index.php\/wp-json\/wp\/v2\/pages\/128\/revisions"}],"predecessor-version":[{"id":1429,"href":"https:\/\/carnavalchatel.ch\/index.php\/wp-json\/wp\/v2\/pages\/128\/revisions\/1429"}],"wp:attachment":[{"href":"https:\/\/carnavalchatel.ch\/index.php\/wp-json\/wp\/v2\/media?parent=128"}],"curies":[{"name":"wp","href":"https:\/\/api.w.org\/{rel}","templated":true}]}}